{"id":1657,"date":"2023-11-20T10:08:56","date_gmt":"2023-11-20T10:08:56","guid":{"rendered":"https:\/\/fock-weeber.de\/?page_id=1657"},"modified":"2026-08-14T09:36:11","modified_gmt":"2026-08-14T09:36:11","slug":"faq","status":"publish","type":"page","link":"https:\/\/fock-weeber.de\/?page_id=1657","title":{"rendered":"H\u00e4ufige Fragen"},"content":{"rendered":"\t\t<div data-elementor-type=\"wp-page\" data-elementor-id=\"1657\" class=\"elementor elementor-1657\">\n\t\t\t\t<div class=\"elementor-element elementor-element-27e66f8 e-flex e-con-boxed e-con e-parent\" data-id=\"27e66f8\" data-element_type=\"container\" data-e-type=\"container\">\n\t\t\t\t\t<div class=\"e-con-inner\">\n\t\t\t\t<div class=\"elementor-element elementor-element-91170fa elementor-widget elementor-widget-heading\" data-id=\"91170fa\" data-element_type=\"widget\" data-e-type=\"widget\" data-widget_type=\"heading.default\">\n\t\t\t\t<div class=\"elementor-widget-container\">\n\t\t\t\t\t<h1 class=\"elementor-heading-title elementor-size-default\">H\u00e4ufige Fragen<\/h1>\t\t\t\t<\/div>\n\t\t\t\t<\/div>\n\t\t\t\t\t<\/div>\n\t\t\t\t<\/div>\n\t\t<div class=\"elementor-element elementor-element-775e2cf e-flex e-con-boxed e-con e-parent\" data-id=\"775e2cf\" data-element_type=\"container\" data-e-type=\"container\">\n\t\t\t\t\t<div class=\"e-con-inner\">\n\t\t\t\t<div class=\"elementor-element elementor-element-54304b2 Tab-schlie\u00dfen elementor-widget elementor-widget-accordion\" data-id=\"54304b2\" data-element_type=\"widget\" data-e-type=\"widget\" data-settings=\"{&quot;_animation&quot;:&quot;none&quot;}\" data-widget_type=\"accordion.default\">\n\t\t\t\t<div class=\"elementor-widget-container\">\n\t\t\t\t\t\t\t<div class=\"elementor-accordion\">\n\t\t\t\t\t\t\t<div class=\"elementor-accordion-item\">\n\t\t\t\t\t<h1 id=\"elementor-tab-title-8821\" class=\"elementor-tab-title\" data-tab=\"1\" role=\"button\" aria-controls=\"elementor-tab-content-8821\" aria-expanded=\"false\">\n\t\t\t\t\t\t\t\t\t\t\t\t\t<span class=\"elementor-accordion-icon elementor-accordion-icon-right\" aria-hidden=\"true\">\n\t\t\t\t\t\t\t\t\t\t\t\t\t\t\t<span class=\"elementor-accordion-icon-closed\"><i class=\"fas fa-plus\"><\/i><\/span>\n\t\t\t\t\t\t\t\t<span class=\"elementor-accordion-icon-opened\"><i class=\"fas fa-minus\"><\/i><\/span>\n\t\t\t\t\t\t\t\t\t\t\t\t\t\t<\/span>\n\t\t\t\t\t\t\t\t\t\t\t\t<a class=\"elementor-accordion-title\" tabindex=\"0\">Welche Unterst\u00fctzung kann ich bei einer AD(H)S- oder Autismus-Diagnose bekommen?<\/a>\n\t\t\t\t\t<\/h1>\n\t\t\t\t\t<div id=\"elementor-tab-content-8821\" class=\"elementor-tab-content elementor-clearfix\" data-tab=\"1\" role=\"region\" aria-labelledby=\"elementor-tab-title-8821\"><p>Seit 2017 haben Kinder mit AD(H)S oder Autismus bei Einschr\u00e4nkungen der Alltagskompetenzen Anspruch auf einen <span style=\"text-decoration: underline;\">Pflegegrad<\/span>. Dadurch k\u00f6nnen Sie umfangreiche Finanz- und Sachleistungen der Pflegeversicherung erhalten. Dies ist leider noch wenig bekannt.\u00a0<\/p><p>Es gibt zahlreiche Hilfsm\u00f6glichkeiten &#8211; S<span style=\"font-size: 18px;\">ie erhalten\u00a0 Hilfe bei den Antr\u00e4gen sowie bei der Suche nach passenden AnsprechpartnerInnen und Therapien. Informationen zum Pflegegrad und Pflegegeld stellt i.d.R. auch Ihre Krankenkasse zur Verf\u00fcgung.<\/span><\/p><\/div>\n\t\t\t\t<\/div>\n\t\t\t\t\t\t\t<div class=\"elementor-accordion-item\">\n\t\t\t\t\t<h1 id=\"elementor-tab-title-8822\" class=\"elementor-tab-title\" data-tab=\"2\" role=\"button\" aria-controls=\"elementor-tab-content-8822\" aria-expanded=\"false\">\n\t\t\t\t\t\t\t\t\t\t\t\t\t<span class=\"elementor-accordion-icon elementor-accordion-icon-right\" aria-hidden=\"true\">\n\t\t\t\t\t\t\t\t\t\t\t\t\t\t\t<span class=\"elementor-accordion-icon-closed\"><i class=\"fas fa-plus\"><\/i><\/span>\n\t\t\t\t\t\t\t\t<span class=\"elementor-accordion-icon-opened\"><i class=\"fas fa-minus\"><\/i><\/span>\n\t\t\t\t\t\t\t\t\t\t\t\t\t\t<\/span>\n\t\t\t\t\t\t\t\t\t\t\t\t<a class=\"elementor-accordion-title\" tabindex=\"0\">Ab welchem Alter des Kindes beraten Sie Eltern?<\/a>\n\t\t\t\t\t<\/h1>\n\t\t\t\t\t<div id=\"elementor-tab-content-8822\" class=\"elementor-tab-content elementor-clearfix\" data-tab=\"2\" role=\"region\" aria-labelledby=\"elementor-tab-title-8822\"><p>Ab dem Vorschulalter sind Sie bei mir richtig. Bei j\u00fcngeren Kindern ben\u00f6tige ich meist mehr Informationen, um einzusch\u00e4tzen ob ich Ihnen weiter helfen kann.<\/p><p>F\u00fcr j\u00fcngere Kinder k\u00f6nnen Sie sich auch bei den Fr\u00fchf\u00f6rderstellen oder einem Sozialp\u00e4diatrischen Zentrum (SPZ) anmelden.\u00a0<\/p><\/div>\n\t\t\t\t<\/div>\n\t\t\t\t\t\t\t<div class=\"elementor-accordion-item\">\n\t\t\t\t\t<h1 id=\"elementor-tab-title-8823\" class=\"elementor-tab-title\" data-tab=\"3\" role=\"button\" aria-controls=\"elementor-tab-content-8823\" aria-expanded=\"false\">\n\t\t\t\t\t\t\t\t\t\t\t\t\t<span class=\"elementor-accordion-icon elementor-accordion-icon-right\" aria-hidden=\"true\">\n\t\t\t\t\t\t\t\t\t\t\t\t\t\t\t<span class=\"elementor-accordion-icon-closed\"><i class=\"fas fa-plus\"><\/i><\/span>\n\t\t\t\t\t\t\t\t<span class=\"elementor-accordion-icon-opened\"><i class=\"fas fa-minus\"><\/i><\/span>\n\t\t\t\t\t\t\t\t\t\t\t\t\t\t<\/span>\n\t\t\t\t\t\t\t\t\t\t\t\t<a class=\"elementor-accordion-title\" tabindex=\"0\">Wie kurz sind Ihre Wartezeiten?<\/a>\n\t\t\t\t\t<\/h1>\n\t\t\t\t\t<div id=\"elementor-tab-content-8823\" class=\"elementor-tab-content elementor-clearfix\" data-tab=\"3\" role=\"region\" aria-labelledby=\"elementor-tab-title-8823\"><p>Sie k\u00f6nnen innerhalb von 2-4 Wochen mit dem ersten Termin rechnen. Nachmittags- und Samstagstermine haben etwas l\u00e4ngeren Wartezeiten. Wenn Sie sich bei mir, telefonisch oder per Email, melden und Sie mit Ihrem Anliegen bei mir richtig sind, erhalten Sie per Email ein Anmeldeformular.<\/p><p>Die kurzen Wartezeiten sind deshalb m\u00f6glich, da ich keine langwierigen Therapien anbiete.<\/p><\/div>\n\t\t\t\t<\/div>\n\t\t\t\t\t\t\t<div class=\"elementor-accordion-item\">\n\t\t\t\t\t<h1 id=\"elementor-tab-title-8824\" class=\"elementor-tab-title\" data-tab=\"4\" role=\"button\" aria-controls=\"elementor-tab-content-8824\" aria-expanded=\"false\">\n\t\t\t\t\t\t\t\t\t\t\t\t\t<span class=\"elementor-accordion-icon elementor-accordion-icon-right\" aria-hidden=\"true\">\n\t\t\t\t\t\t\t\t\t\t\t\t\t\t\t<span class=\"elementor-accordion-icon-closed\"><i class=\"fas fa-plus\"><\/i><\/span>\n\t\t\t\t\t\t\t\t<span class=\"elementor-accordion-icon-opened\"><i class=\"fas fa-minus\"><\/i><\/span>\n\t\t\t\t\t\t\t\t\t\t\t\t\t\t<\/span>\n\t\t\t\t\t\t\t\t\t\t\t\t<a class=\"elementor-accordion-title\" tabindex=\"0\">Wie lange dauert die Zusammenarbeit? Wie schnell liegen Ergebnisse vor?<\/a>\n\t\t\t\t\t<\/h1>\n\t\t\t\t\t<div id=\"elementor-tab-content-8824\" class=\"elementor-tab-content elementor-clearfix\" data-tab=\"4\" role=\"region\" aria-labelledby=\"elementor-tab-title-8824\"><p>Sie k\u00f6nnen eine Woche nach dem Abschlusstermin (4 bis 8 Wochen nach dem Start) mit konkreten Ergebnissen, weiterf\u00fchrenden Informationen und einem schriftlichen Bericht rechnen. Dies ist m\u00f6glich, da alle Termine in kurzen Abst\u00e4nden geplant werden. Bitte kalkulieren Sie dies bei einer Anmeldung gleich mit ein.&nbsp;<\/p>\n<p><span style=\"text-decoration: underline;\">Ich biete keine Psychotherapie an<\/span> &#8211; weder f\u00fcr Erwachsene noch f\u00fcr Kinder.&nbsp;<\/p><\/div>\n\t\t\t\t<\/div>\n\t\t\t\t\t\t\t<div class=\"elementor-accordion-item\">\n\t\t\t\t\t<h1 id=\"elementor-tab-title-8825\" class=\"elementor-tab-title\" data-tab=\"5\" role=\"button\" aria-controls=\"elementor-tab-content-8825\" aria-expanded=\"false\">\n\t\t\t\t\t\t\t\t\t\t\t\t\t<span class=\"elementor-accordion-icon elementor-accordion-icon-right\" aria-hidden=\"true\">\n\t\t\t\t\t\t\t\t\t\t\t\t\t\t\t<span class=\"elementor-accordion-icon-closed\"><i class=\"fas fa-plus\"><\/i><\/span>\n\t\t\t\t\t\t\t\t<span class=\"elementor-accordion-icon-opened\"><i class=\"fas fa-minus\"><\/i><\/span>\n\t\t\t\t\t\t\t\t\t\t\t\t\t\t<\/span>\n\t\t\t\t\t\t\t\t\t\t\t\t<a class=\"elementor-accordion-title\" tabindex=\"0\">Welche Unterst\u00fctzung gibt es f\u00fcr Kinder mit AD(H)S- oder Autismus?<\/a>\n\t\t\t\t\t<\/h1>\n\t\t\t\t\t<div id=\"elementor-tab-content-8825\" class=\"elementor-tab-content elementor-clearfix\" data-tab=\"5\" role=\"region\" aria-labelledby=\"elementor-tab-title-8825\"><p>Seit 2017 haben Kinder mit AD(H)S oder Autismus, unter bestimmten Voraussetzungen, Anspruch auf einen <span style=\"text-decoration: underline;\">Pflegegrad<\/span>. Dadurch k\u00f6nnen Sie umfangreiche Finanz- und Sachleistungen der Pflegeversicherung erhalten, das wird leider viel zu selten den betroffene Familien mitgeteilt. Hierzu und zu anderen sinnvollen Hilfen und Unterst\u00fctzungsm\u00f6glichkeiten erhalten Sie Beratung und Informationen in meiner Praxis.\u00a0<\/p><p>Informationen zu Therapien und Pflegegraden erhalten Sie auch bei Ihrer Krankenkasse.<\/p><\/div>\n\t\t\t\t<\/div>\n\t\t\t\t\t\t\t<div class=\"elementor-accordion-item\">\n\t\t\t\t\t<h1 id=\"elementor-tab-title-8826\" class=\"elementor-tab-title\" data-tab=\"6\" role=\"button\" aria-controls=\"elementor-tab-content-8826\" aria-expanded=\"false\">\n\t\t\t\t\t\t\t\t\t\t\t\t\t<span class=\"elementor-accordion-icon elementor-accordion-icon-right\" aria-hidden=\"true\">\n\t\t\t\t\t\t\t\t\t\t\t\t\t\t\t<span class=\"elementor-accordion-icon-closed\"><i class=\"fas fa-plus\"><\/i><\/span>\n\t\t\t\t\t\t\t\t<span class=\"elementor-accordion-icon-opened\"><i class=\"fas fa-minus\"><\/i><\/span>\n\t\t\t\t\t\t\t\t\t\t\t\t\t\t<\/span>\n\t\t\t\t\t\t\t\t\t\t\t\t<a class=\"elementor-accordion-title\" tabindex=\"0\">K\u00f6nnen Sie Medikamente verschreiben?<\/a>\n\t\t\t\t\t<\/h1>\n\t\t\t\t\t<div id=\"elementor-tab-content-8826\" class=\"elementor-tab-content elementor-clearfix\" data-tab=\"6\" role=\"region\" aria-labelledby=\"elementor-tab-title-8826\"><p>Nein. Medikamente d\u00fcrfen nur von \u00c4rztinnen und \u00c4rzten verordnet werden. Sollte ich eine Medikation f\u00fcr sinnvoll halten, empfehle ich dies in meinem Abschlussbericht, den Sie anschlie\u00dfend ihrer kinder\u00e4rztlichen oder kinderpsychiatrischen Praxis vorlegen k\u00f6nnen.\u00a0<\/p><p><span style=\"font-size: 18px;\">Vor einer Medikation, muss ihr Kind jedoch gr\u00fcndlich \u00e4rztlich untersucht werden, z.B. mittels EEG und EKG; eine Blutentnahme ist ebenfalls notwendig. Die medikament\u00f6se Eindosierung kann einige Wochen dauern und sollte in der Zeit \u00e4rztlich begleitet werden.<\/span><\/p><\/div>\n\t\t\t\t<\/div>\n\t\t\t\t\t\t\t<div class=\"elementor-accordion-item\">\n\t\t\t\t\t<h1 id=\"elementor-tab-title-8827\" class=\"elementor-tab-title\" data-tab=\"7\" role=\"button\" aria-controls=\"elementor-tab-content-8827\" aria-expanded=\"false\">\n\t\t\t\t\t\t\t\t\t\t\t\t\t<span class=\"elementor-accordion-icon elementor-accordion-icon-right\" aria-hidden=\"true\">\n\t\t\t\t\t\t\t\t\t\t\t\t\t\t\t<span class=\"elementor-accordion-icon-closed\"><i class=\"fas fa-plus\"><\/i><\/span>\n\t\t\t\t\t\t\t\t<span class=\"elementor-accordion-icon-opened\"><i class=\"fas fa-minus\"><\/i><\/span>\n\t\t\t\t\t\t\t\t\t\t\t\t\t\t<\/span>\n\t\t\t\t\t\t\t\t\t\t\t\t<a class=\"elementor-accordion-title\" tabindex=\"0\">Bieten Sie Psychotherapie an?<\/a>\n\t\t\t\t\t<\/h1>\n\t\t\t\t\t<div id=\"elementor-tab-content-8827\" class=\"elementor-tab-content elementor-clearfix\" data-tab=\"7\" role=\"region\" aria-labelledby=\"elementor-tab-title-8827\"><p>Nein. Ich habe zwar eine psychotherapeutische Ausbildung abgeschlossen, biete jedoch keine Psychotherapie oder Lerntherapie an. Aufgrund der knappen Versorgungslage fokussiere ich mein Angebot auf psychologische Testungen und Beratung f\u00fcr Eltern, sowie auf Beratung f\u00fcr selbst von ADHS und\/oder Autismus-Spektrumst\u00f6rungen betroffenen Elternteile.<\/p><p>Gerne gebe ich Ihnen einen bei Bedarf einen \u00dcberblick \u00fcber geeignete Therapien und Hilfsangebote f\u00fcr Sie und\/oder Ihr Kind.<\/p><\/div>\n\t\t\t\t<\/div>\n\t\t\t\t\t\t\t<div class=\"elementor-accordion-item\">\n\t\t\t\t\t<h1 id=\"elementor-tab-title-8828\" class=\"elementor-tab-title\" data-tab=\"8\" role=\"button\" aria-controls=\"elementor-tab-content-8828\" aria-expanded=\"false\">\n\t\t\t\t\t\t\t\t\t\t\t\t\t<span class=\"elementor-accordion-icon elementor-accordion-icon-right\" aria-hidden=\"true\">\n\t\t\t\t\t\t\t\t\t\t\t\t\t\t\t<span class=\"elementor-accordion-icon-closed\"><i class=\"fas fa-plus\"><\/i><\/span>\n\t\t\t\t\t\t\t\t<span class=\"elementor-accordion-icon-opened\"><i class=\"fas fa-minus\"><\/i><\/span>\n\t\t\t\t\t\t\t\t\t\t\t\t\t\t<\/span>\n\t\t\t\t\t\t\t\t\t\t\t\t<a class=\"elementor-accordion-title\" tabindex=\"0\">Welche Kosten kommen auf mich zu?<\/a>\n\t\t\t\t\t<\/h1>\n\t\t\t\t\t<div id=\"elementor-tab-content-8828\" class=\"elementor-tab-content elementor-clearfix\" data-tab=\"8\" role=\"region\" aria-labelledby=\"elementor-tab-title-8828\"><p><span style=\"font-family: Helvetica, arial; font-size: 18px; font-style: normal; font-variant-ligatures: normal; font-variant-caps: normal; font-weight: 400;\"><span style=\"text-decoration: underline;\">Die Nutzung der telefonischen Sprechzeit ist kostenlos.<\/span>\u00a0Dies gilt im Vorfeld der Zusammenarbeit genauso wie f\u00fcr anschlie\u00dfende kurze Anliegen.<\/span><\/p><p>Beim Thema AD(H)S m\u00fcssen Sie mit drei Terminen \u00e1 300,- \u20ac rechnen, beim\u00a0<span style=\"font-family: Helvetica, arial; font-size: 18px; font-style: normal; font-variant-caps: normal;\">Thema Autismus-Spektrum sind\u00a0<\/span><span style=\"font-family: Helvetica, arial; font-size: 18px; font-style: normal; font-variant-caps: normal; font-variant-ligatures: normal;\">5-6 Termine \u00e1 300,- \u20ac notwendig. <\/span><span style=\"font-family: Helvetica, arial; font-size: 18px; font-style: normal; font-variant-caps: normal; font-variant-ligatures: normal;\">In diesem Honorar sind neben dem eigentlichen Termin (je 75<\/span><span style=\"font-family: Helvetica, arial; font-size: 18px; font-style: normal; font-variant-caps: normal;\">-105 Minuten<\/span><span style=\"font-family: Helvetica, arial; font-size: 18px; font-style: normal; font-variant-caps: normal; font-variant-ligatures: normal;\">) s\u00e4mtliche\u00a0<\/span>Materialkosten (Fragebogen, Lizenzen etc.) sowie die \u00fcbliche Auswertungs- und Dokumentationszeit enthalten.\u00a0<span style=\"font-family: Helvetica, arial; font-size: 18px; font-style: normal; font-variant-caps: normal;\">Die Anfertigung des detaillierten Abschlussberichts, den sie wenige Tage nach Abschluss erhalten, wird nicht extra berechnet.\u00a0<br \/><\/span><span style=\"font-size: 18px;\"><span style=\"text-decoration: underline;\">Je nach Fragestellung kann es davon Abweichungen geben<\/span>, beispielsweise wenn zus\u00e4tzliche Tests oder Telefonate mit der Schule \/ dem Kindergarten sinnvoll sind.<\/span><\/p><p><span style=\"font-family: Helvetica, arial; font-size: 18px; font-style: normal; font-variant-ligatures: normal; font-variant-caps: normal; font-weight: 400;\">Reine Beratungsstunden\u00a0<\/span><span style=\"font-family: Helvetica, arial; font-size: 18px; font-style: normal; font-variant-caps: normal;\">werden mit 140,- \u20ac (60 Minuten) oder 195,- \u20ac (90 Minuten) berechnet. Hierin ist das Verfassen von Berichten oder Testauswertungen <u>nicht enthalten<\/u>.<\/span><\/p><\/div>\n\t\t\t\t<\/div>\n\t\t\t\t\t\t\t<div class=\"elementor-accordion-item\">\n\t\t\t\t\t<h1 id=\"elementor-tab-title-8829\" class=\"elementor-tab-title\" data-tab=\"9\" role=\"button\" aria-controls=\"elementor-tab-content-8829\" aria-expanded=\"false\">\n\t\t\t\t\t\t\t\t\t\t\t\t\t<span class=\"elementor-accordion-icon elementor-accordion-icon-right\" aria-hidden=\"true\">\n\t\t\t\t\t\t\t\t\t\t\t\t\t\t\t<span class=\"elementor-accordion-icon-closed\"><i class=\"fas fa-plus\"><\/i><\/span>\n\t\t\t\t\t\t\t\t<span class=\"elementor-accordion-icon-opened\"><i class=\"fas fa-minus\"><\/i><\/span>\n\t\t\t\t\t\t\t\t\t\t\t\t\t\t<\/span>\n\t\t\t\t\t\t\t\t\t\t\t\t<a class=\"elementor-accordion-title\" tabindex=\"0\">Wie setzt sich Ihr Honorar zusammen?<\/a>\n\t\t\t\t\t<\/h1>\n\t\t\t\t\t<div id=\"elementor-tab-content-8829\" class=\"elementor-tab-content elementor-clearfix\" data-tab=\"9\" role=\"region\" aria-labelledby=\"elementor-tab-title-8829\"><p>Das Honorar betr\u00e4gt 300,- \u20ac pro Termin&nbsp;<span style=\"font-family: Helvetica, arial; font-size: 18px; font-style: normal; font-variant-caps: normal;\">(je 75 &#8211; 105 Minuten<\/span><span style=\"font-size: 18px;\">)<\/span>. Darin sind die \u00fcblichen, spezifischen Vor &#8211; und Nachbereitungen sowie s\u00e4mtliche Kosten f\u00fcr das Arbeitsmaterial (Tests, Lizenzgeb\u00fchren etc.) enthalten. Die Anfertigung des umfassenden und verst\u00e4ndlichen Abschlussberichts, den sie wenige Tage nach dem letzten Termin erhalten, wird nicht extra berechnet.<\/p>\n<p>Ein dar\u00fcber hinaus gehender zeitlicher Aufwand wird mit 75,- \u20ac&nbsp;<span style=\"font-family: Helvetica, arial; font-size: 18px; font-style: normal; font-variant-caps: normal;\">je 30 Minuten&nbsp;<\/span><span style=\"font-size: 18px;\">abgerechnet. F\u00fcr Abendtermine oder Termine an Br\u00fcckentagen kann ein Aufschlag n.V. berechnet werden.<\/span><\/p><\/div>\n\t\t\t\t<\/div>\n\t\t\t\t\t\t\t<div class=\"elementor-accordion-item\">\n\t\t\t\t\t<h1 id=\"elementor-tab-title-88210\" class=\"elementor-tab-title\" data-tab=\"10\" role=\"button\" aria-controls=\"elementor-tab-content-88210\" aria-expanded=\"false\">\n\t\t\t\t\t\t\t\t\t\t\t\t\t<span class=\"elementor-accordion-icon elementor-accordion-icon-right\" aria-hidden=\"true\">\n\t\t\t\t\t\t\t\t\t\t\t\t\t\t\t<span class=\"elementor-accordion-icon-closed\"><i class=\"fas fa-plus\"><\/i><\/span>\n\t\t\t\t\t\t\t\t<span class=\"elementor-accordion-icon-opened\"><i class=\"fas fa-minus\"><\/i><\/span>\n\t\t\t\t\t\t\t\t\t\t\t\t\t\t<\/span>\n\t\t\t\t\t\t\t\t\t\t\t\t<a class=\"elementor-accordion-title\" tabindex=\"0\">Werden Ihre Leistungen von den Krankenkasse \u00fcbernommen?<\/a>\n\t\t\t\t\t<\/h1>\n\t\t\t\t\t<div id=\"elementor-tab-content-88210\" class=\"elementor-tab-content elementor-clearfix\" data-tab=\"10\" role=\"region\" aria-labelledby=\"elementor-tab-title-88210\"><p>Nein. Ich f\u00fchre eine reine Privatpraxis nur f\u00fcr Selbstzahlerinnen und Selbstzahler.&nbsp;<span style=\"font-size: 18px; text-decoration: underline;\">Dies bedeutet, dass ich keine Rechnungen mit Kennziffern nach GO\u00c4 oder GOP etc. ausstelle.<\/span><\/p>\n<p>Denn ich m\u00f6chte Ihnen nur die Leistungen anbieten, die f\u00fcr Ihr Anliegen und Ihre Fragestellungen sinnvoll sind &#8211; und Sie wirklich weiter bringen &#8211; unabh\u00e4ngig von den Beschr\u00e4nkungen und dem Leistungskatalog der gesetzlichen und privaten Krankenkassen.&nbsp;<\/p>\n<p>Falls Sie eine Kosten\u00fcbernahme oder direkte Abrechnung \u00fcber Ihre Krankenkasse ben\u00f6tigen, wenden Sie sich bitte an die sozialp\u00e4diatrischen Zentren, an kinder- und jugendpsychiatrische Praxen oder die approbierten Kinder- und Jugendpsychotherapeut:innen. Einige von Ihnen verf\u00fcgen \u00fcber die notwendigen Testverfahren und Kenntnisse.<span style=\"font-size: 18px;\">&nbsp;Adressen erhalten Sie von der KVBW oder Ihrer Krankenkasse.<\/span><\/p><\/div>\n\t\t\t\t<\/div>\n\t\t\t\t\t\t\t<div class=\"elementor-accordion-item\">\n\t\t\t\t\t<h1 id=\"elementor-tab-title-88211\" class=\"elementor-tab-title\" data-tab=\"11\" role=\"button\" aria-controls=\"elementor-tab-content-88211\" aria-expanded=\"false\">\n\t\t\t\t\t\t\t\t\t\t\t\t\t<span class=\"elementor-accordion-icon elementor-accordion-icon-right\" aria-hidden=\"true\">\n\t\t\t\t\t\t\t\t\t\t\t\t\t\t\t<span class=\"elementor-accordion-icon-closed\"><i class=\"fas fa-plus\"><\/i><\/span>\n\t\t\t\t\t\t\t\t<span class=\"elementor-accordion-icon-opened\"><i class=\"fas fa-minus\"><\/i><\/span>\n\t\t\t\t\t\t\t\t\t\t\t\t\t\t<\/span>\n\t\t\t\t\t\t\t\t\t\t\t\t<a class=\"elementor-accordion-title\" tabindex=\"0\">Ich kann zu einem Termin nicht kommen. Was muss ich tun?<\/a>\n\t\t\t\t\t<\/h1>\n\t\t\t\t\t<div id=\"elementor-tab-content-88211\" class=\"elementor-tab-content elementor-clearfix\" data-tab=\"11\" role=\"region\" aria-labelledby=\"elementor-tab-title-88211\"><p>Die \u00a0vereinbarten Termine sind f\u00fcr beide Seiten verbindlich. Sollte Ihnen das Wahrnehmen eines Termins aus gesundheitlichen Gr\u00fcnden nicht m\u00f6glich sein, teilen Sie mir dies bitte fr\u00fchzeitig mit (AB oder Email). <br \/>Wenn Sie einen Termin ohne Absage nicht wahrnehmen, wird das volle Honorar in Rechnung gestellt.<\/p><\/div>\n\t\t\t\t<\/div>\n\t\t\t\t\t\t\t<div class=\"elementor-accordion-item\">\n\t\t\t\t\t<h1 id=\"elementor-tab-title-88212\" class=\"elementor-tab-title\" data-tab=\"12\" role=\"button\" aria-controls=\"elementor-tab-content-88212\" aria-expanded=\"false\">\n\t\t\t\t\t\t\t\t\t\t\t\t\t<span class=\"elementor-accordion-icon elementor-accordion-icon-right\" aria-hidden=\"true\">\n\t\t\t\t\t\t\t\t\t\t\t\t\t\t\t<span class=\"elementor-accordion-icon-closed\"><i class=\"fas fa-plus\"><\/i><\/span>\n\t\t\t\t\t\t\t\t<span class=\"elementor-accordion-icon-opened\"><i class=\"fas fa-minus\"><\/i><\/span>\n\t\t\t\t\t\t\t\t\t\t\t\t\t\t<\/span>\n\t\t\t\t\t\t\t\t\t\t\t\t<a class=\"elementor-accordion-title\" tabindex=\"0\">Wie und wann kann ich bezahlen?<\/a>\n\t\t\t\t\t<\/h1>\n\t\t\t\t\t<div id=\"elementor-tab-content-88212\" class=\"elementor-tab-content elementor-clearfix\" data-tab=\"12\" role=\"region\" aria-labelledby=\"elementor-tab-title-88212\"><p>Honorare k\u00f6nnen bar oder per Bank\u00fcberweisung bezahlt werden. Bei Barzahlung kann Skonto gew\u00e4hrt werden.<\/p>\n<p>Eine Anzahlung (1\/2 Honorar des ersten Termins = 150,- \u20ac) ist i.d.R. vor dem ersten Termin f\u00e4llig. Diese Zahlung wird mit dem Gesamtbetrag verrechnet. Sp\u00e4testens mit der Zusendung des Abschlussberichts erhalten Sie die Gesamtrechnung, die sofort (7 Tage) f\u00e4llig wird.&nbsp;<\/p>\n<p><u>Andere Zahlungsbedingungen k\u00f6nnen gew\u00e4hrt werden, sofern dies VOR dem zweiten Termin vereinbart wurde<\/u>.<\/p><\/div>\n\t\t\t\t<\/div>\n\t\t\t\t\t\t\t\t\t\t<script type=\"application\/ld+json\">{\"@context\":\"https:\\\/\\\/schema.org\",\"@type\":\"FAQPage\",\"mainEntity\":[{\"@type\":\"Question\",\"name\":\"Welche Unterst\\u00fctzung kann ich bei einer AD(H)S- oder Autismus-Diagnose bekommen?\",\"acceptedAnswer\":{\"@type\":\"Answer\",\"text\":\"<p>Seit 2017 haben Kinder mit AD(H)S oder Autismus bei Einschr\\u00e4nkungen der Alltagskompetenzen Anspruch auf einen <span style=\\\"text-decoration: underline;\\\">Pflegegrad<\\\/span>. Dadurch k\\u00f6nnen Sie umfangreiche Finanz- und Sachleistungen der Pflegeversicherung erhalten. Dies ist leider noch wenig bekannt.\\u00a0<\\\/p><p>Es gibt zahlreiche Hilfsm\\u00f6glichkeiten &#8211; S<span style=\\\"font-size: 18px;\\\">ie erhalten\\u00a0 Hilfe bei den Antr\\u00e4gen sowie bei der Suche nach passenden AnsprechpartnerInnen und Therapien. Informationen zum Pflegegrad und Pflegegeld stellt i.d.R. auch Ihre Krankenkasse zur Verf\\u00fcgung.<\\\/span><\\\/p>\"}},{\"@type\":\"Question\",\"name\":\"Ab welchem Alter des Kindes beraten Sie Eltern?\",\"acceptedAnswer\":{\"@type\":\"Answer\",\"text\":\"<p>Ab dem Vorschulalter sind Sie bei mir richtig. Bei j\\u00fcngeren Kindern ben\\u00f6tige ich meist mehr Informationen, um einzusch\\u00e4tzen ob ich Ihnen weiter helfen kann.<\\\/p><p>F\\u00fcr j\\u00fcngere Kinder k\\u00f6nnen Sie sich auch bei den Fr\\u00fchf\\u00f6rderstellen oder einem Sozialp\\u00e4diatrischen Zentrum (SPZ) anmelden.\\u00a0<\\\/p>\"}},{\"@type\":\"Question\",\"name\":\"Wie kurz sind Ihre Wartezeiten?\",\"acceptedAnswer\":{\"@type\":\"Answer\",\"text\":\"<p>Sie k\\u00f6nnen innerhalb von 2-4 Wochen mit dem ersten Termin rechnen. Nachmittags- und Samstagstermine haben etwas l\\u00e4ngeren Wartezeiten. Wenn Sie sich bei mir, telefonisch oder per Email, melden und Sie mit Ihrem Anliegen bei mir richtig sind, erhalten Sie per Email ein Anmeldeformular.<\\\/p><p>Die kurzen Wartezeiten sind deshalb m\\u00f6glich, da ich keine langwierigen Therapien anbiete.<\\\/p>\"}},{\"@type\":\"Question\",\"name\":\"Wie lange dauert die Zusammenarbeit? Wie schnell liegen Ergebnisse vor?\",\"acceptedAnswer\":{\"@type\":\"Answer\",\"text\":\"<p>Sie k\\u00f6nnen eine Woche nach dem Abschlusstermin (4 bis 8 Wochen nach dem Start) mit konkreten Ergebnissen, weiterf\\u00fchrenden Informationen und einem schriftlichen Bericht rechnen. Dies ist m\\u00f6glich, da alle Termine in kurzen Abst\\u00e4nden geplant werden. Bitte kalkulieren Sie dies bei einer Anmeldung gleich mit ein.&nbsp;<\\\/p>\\n<p><span style=\\\"text-decoration: underline;\\\">Ich biete keine Psychotherapie an<\\\/span> &#8211; weder f\\u00fcr Erwachsene noch f\\u00fcr Kinder.&nbsp;<\\\/p>\"}},{\"@type\":\"Question\",\"name\":\"Welche Unterst\\u00fctzung gibt es f\\u00fcr Kinder mit AD(H)S- oder Autismus?\",\"acceptedAnswer\":{\"@type\":\"Answer\",\"text\":\"<p>Seit 2017 haben Kinder mit AD(H)S oder Autismus, unter bestimmten Voraussetzungen, Anspruch auf einen <span style=\\\"text-decoration: underline;\\\">Pflegegrad<\\\/span>. Dadurch k\\u00f6nnen Sie umfangreiche Finanz- und Sachleistungen der Pflegeversicherung erhalten, das wird leider viel zu selten den betroffene Familien mitgeteilt. Hierzu und zu anderen sinnvollen Hilfen und Unterst\\u00fctzungsm\\u00f6glichkeiten erhalten Sie Beratung und Informationen in meiner Praxis.\\u00a0<\\\/p><p>Informationen zu Therapien und Pflegegraden erhalten Sie auch bei Ihrer Krankenkasse.<\\\/p>\"}},{\"@type\":\"Question\",\"name\":\"K\\u00f6nnen Sie Medikamente verschreiben?\",\"acceptedAnswer\":{\"@type\":\"Answer\",\"text\":\"<p>Nein. Medikamente d\\u00fcrfen nur von \\u00c4rztinnen und \\u00c4rzten verordnet werden. Sollte ich eine Medikation f\\u00fcr sinnvoll halten, empfehle ich dies in meinem Abschlussbericht, den Sie anschlie\\u00dfend ihrer kinder\\u00e4rztlichen oder kinderpsychiatrischen Praxis vorlegen k\\u00f6nnen.\\u00a0<\\\/p><p><span style=\\\"font-size: 18px;\\\">Vor einer Medikation, muss ihr Kind jedoch gr\\u00fcndlich \\u00e4rztlich untersucht werden, z.B. mittels EEG und EKG; eine Blutentnahme ist ebenfalls notwendig. Die medikament\\u00f6se Eindosierung kann einige Wochen dauern und sollte in der Zeit \\u00e4rztlich begleitet werden.<\\\/span><\\\/p>\"}},{\"@type\":\"Question\",\"name\":\"Bieten Sie Psychotherapie an?\",\"acceptedAnswer\":{\"@type\":\"Answer\",\"text\":\"<p>Nein. Ich habe zwar eine psychotherapeutische Ausbildung abgeschlossen, biete jedoch keine Psychotherapie oder Lerntherapie an. Aufgrund der knappen Versorgungslage fokussiere ich mein Angebot auf psychologische Testungen und Beratung f\\u00fcr Eltern, sowie auf Beratung f\\u00fcr selbst von ADHS und\\\/oder Autismus-Spektrumst\\u00f6rungen betroffenen Elternteile.<\\\/p><p>Gerne gebe ich Ihnen einen bei Bedarf einen \\u00dcberblick \\u00fcber geeignete Therapien und Hilfsangebote f\\u00fcr Sie und\\\/oder Ihr Kind.<\\\/p>\"}},{\"@type\":\"Question\",\"name\":\"Welche Kosten kommen auf mich zu?\",\"acceptedAnswer\":{\"@type\":\"Answer\",\"text\":\"<p><span style=\\\"font-family: Helvetica, arial; font-size: 18px; font-style: normal; font-variant-ligatures: normal; font-variant-caps: normal; font-weight: 400;\\\"><span style=\\\"text-decoration: underline;\\\">Die Nutzung der telefonischen Sprechzeit ist kostenlos.<\\\/span>\\u00a0Dies gilt im Vorfeld der Zusammenarbeit genauso wie f\\u00fcr anschlie\\u00dfende kurze Anliegen.<\\\/span><\\\/p><p>Beim Thema AD(H)S m\\u00fcssen Sie mit drei Terminen \\u00e1 300,- \\u20ac rechnen, beim\\u00a0<span style=\\\"font-family: Helvetica, arial; font-size: 18px; font-style: normal; font-variant-caps: normal;\\\">Thema Autismus-Spektrum sind\\u00a0<\\\/span><span style=\\\"font-family: Helvetica, arial; font-size: 18px; font-style: normal; font-variant-caps: normal; font-variant-ligatures: normal;\\\">5-6 Termine \\u00e1 300,- \\u20ac notwendig. <\\\/span><span style=\\\"font-family: Helvetica, arial; font-size: 18px; font-style: normal; font-variant-caps: normal; font-variant-ligatures: normal;\\\">In diesem Honorar sind neben dem eigentlichen Termin (je 75<\\\/span><span style=\\\"font-family: Helvetica, arial; font-size: 18px; font-style: normal; font-variant-caps: normal;\\\">-105 Minuten<\\\/span><span style=\\\"font-family: Helvetica, arial; font-size: 18px; font-style: normal; font-variant-caps: normal; font-variant-ligatures: normal;\\\">) s\\u00e4mtliche\\u00a0<\\\/span>Materialkosten (Fragebogen, Lizenzen etc.) sowie die \\u00fcbliche Auswertungs- und Dokumentationszeit enthalten.\\u00a0<span style=\\\"font-family: Helvetica, arial; font-size: 18px; font-style: normal; font-variant-caps: normal;\\\">Die Anfertigung des detaillierten Abschlussberichts, den sie wenige Tage nach Abschluss erhalten, wird nicht extra berechnet.\\u00a0<br \\\/><\\\/span><span style=\\\"font-size: 18px;\\\"><span style=\\\"text-decoration: underline;\\\">Je nach Fragestellung kann es davon Abweichungen geben<\\\/span>, beispielsweise wenn zus\\u00e4tzliche Tests oder Telefonate mit der Schule \\\/ dem Kindergarten sinnvoll sind.<\\\/span><\\\/p><p><span style=\\\"font-family: Helvetica, arial; font-size: 18px; font-style: normal; font-variant-ligatures: normal; font-variant-caps: normal; font-weight: 400;\\\">Reine Beratungsstunden\\u00a0<\\\/span><span style=\\\"font-family: Helvetica, arial; font-size: 18px; font-style: normal; font-variant-caps: normal;\\\">werden mit 140,- \\u20ac (60 Minuten) oder 195,- \\u20ac (90 Minuten) berechnet. Hierin ist das Verfassen von Berichten oder Testauswertungen <u>nicht enthalten<\\\/u>.<\\\/span><\\\/p>\"}},{\"@type\":\"Question\",\"name\":\"Wie setzt sich Ihr Honorar zusammen?\",\"acceptedAnswer\":{\"@type\":\"Answer\",\"text\":\"<p>Das Honorar betr\\u00e4gt 300,- \\u20ac pro Termin&nbsp;<span style=\\\"font-family: Helvetica, arial; font-size: 18px; font-style: normal; font-variant-caps: normal;\\\">(je 75 &#8211; 105 Minuten<\\\/span><span style=\\\"font-size: 18px;\\\">)<\\\/span>. Darin sind die \\u00fcblichen, spezifischen Vor &#8211; und Nachbereitungen sowie s\\u00e4mtliche Kosten f\\u00fcr das Arbeitsmaterial (Tests, Lizenzgeb\\u00fchren etc.) enthalten. Die Anfertigung des umfassenden und verst\\u00e4ndlichen Abschlussberichts, den sie wenige Tage nach dem letzten Termin erhalten, wird nicht extra berechnet.<\\\/p>\\n<p>Ein dar\\u00fcber hinaus gehender zeitlicher Aufwand wird mit 75,- \\u20ac&nbsp;<span style=\\\"font-family: Helvetica, arial; font-size: 18px; font-style: normal; font-variant-caps: normal;\\\">je 30 Minuten&nbsp;<\\\/span><span style=\\\"font-size: 18px;\\\">abgerechnet. F\\u00fcr Abendtermine oder Termine an Br\\u00fcckentagen kann ein Aufschlag n.V. berechnet werden.<\\\/span><\\\/p>\"}},{\"@type\":\"Question\",\"name\":\"Werden Ihre Leistungen von den Krankenkasse \\u00fcbernommen?\",\"acceptedAnswer\":{\"@type\":\"Answer\",\"text\":\"<p>Nein. Ich f\\u00fchre eine reine Privatpraxis nur f\\u00fcr Selbstzahlerinnen und Selbstzahler.&nbsp;<span style=\\\"font-size: 18px; text-decoration: underline;\\\">Dies bedeutet, dass ich keine Rechnungen mit Kennziffern nach GO\\u00c4 oder GOP etc. ausstelle.<\\\/span><\\\/p>\\n<p>Denn ich m\\u00f6chte Ihnen nur die Leistungen anbieten, die f\\u00fcr Ihr Anliegen und Ihre Fragestellungen sinnvoll sind &#8211; und Sie wirklich weiter bringen &#8211; unabh\\u00e4ngig von den Beschr\\u00e4nkungen und dem Leistungskatalog der gesetzlichen und privaten Krankenkassen.&nbsp;<\\\/p>\\n<p>Falls Sie eine Kosten\\u00fcbernahme oder direkte Abrechnung \\u00fcber Ihre Krankenkasse ben\\u00f6tigen, wenden Sie sich bitte an die sozialp\\u00e4diatrischen Zentren, an kinder- und jugendpsychiatrische Praxen oder die approbierten Kinder- und Jugendpsychotherapeut:innen. Einige von Ihnen verf\\u00fcgen \\u00fcber die notwendigen Testverfahren und Kenntnisse.<span style=\\\"font-size: 18px;\\\">&nbsp;Adressen erhalten Sie von der KVBW oder Ihrer Krankenkasse.<\\\/span><\\\/p>\"}},{\"@type\":\"Question\",\"name\":\"Ich kann zu einem Termin nicht kommen. Was muss ich tun?\",\"acceptedAnswer\":{\"@type\":\"Answer\",\"text\":\"<p>Die \\u00a0vereinbarten Termine sind f\\u00fcr beide Seiten verbindlich. Sollte Ihnen das Wahrnehmen eines Termins aus gesundheitlichen Gr\\u00fcnden nicht m\\u00f6glich sein, teilen Sie mir dies bitte fr\\u00fchzeitig mit (AB oder Email). <br \\\/>Wenn Sie einen Termin ohne Absage nicht wahrnehmen, wird das volle Honorar in Rechnung gestellt.<\\\/p>\"}},{\"@type\":\"Question\",\"name\":\"Wie und wann kann ich bezahlen?\",\"acceptedAnswer\":{\"@type\":\"Answer\",\"text\":\"<p>Honorare k\\u00f6nnen bar oder per Bank\\u00fcberweisung bezahlt werden. Bei Barzahlung kann Skonto gew\\u00e4hrt werden.<\\\/p>\\n<p>Eine Anzahlung (1\\\/2 Honorar des ersten Termins = 150,- \\u20ac) ist i.d.R. vor dem ersten Termin f\\u00e4llig. Diese Zahlung wird mit dem Gesamtbetrag verrechnet. Sp\\u00e4testens mit der Zusendung des Abschlussberichts erhalten Sie die Gesamtrechnung, die sofort (7 Tage) f\\u00e4llig wird.&nbsp;<\\\/p>\\n<p><u>Andere Zahlungsbedingungen k\\u00f6nnen gew\\u00e4hrt werden, sofern dies VOR dem zweiten Termin vereinbart wurde<\\\/u>.<\\\/p>\"}}]}<\/script>\n\t\t\t\t\t<\/div>\n\t\t\t\t\t\t<\/div>\n\t\t\t\t<\/div>\n\t\t\t\t\t<\/div>\n\t\t\t\t<\/div>\n\t\t\t\t<\/div>\n\t\t","protected":false},"excerpt":{"rendered":"<p>H\u00e4ufige Fragen Welche Unterst\u00fctzung kann ich bei einer AD(H)S- oder Autismus-Diagnose bekommen? Seit 2017 haben Kinder mit AD(H)S oder Autismus bei Einschr\u00e4nkungen der Alltagskompetenzen Anspruch auf einen Pflegegrad. Dadurch k\u00f6nnen Sie umfangreiche Finanz- und Sachleistungen der Pflegeversicherung erhalten. Dies ist leider noch wenig bekannt.\u00a0 Es gibt zahlreiche Hilfsm\u00f6glichkeiten &#8211; Sie erhalten\u00a0 Hilfe bei den Antr\u00e4gen [&hellip;]<\/p>\n","protected":false},"author":1,"featured_media":0,"parent":0,"menu_order":0,"comment_status":"closed","ping_status":"closed","template":"","meta":{"ocean_front_end_style_editor":"no","ocean_post_layout":"full-width","ocean_both_sidebars_style":"","ocean_both_sidebars_content_width":0,"ocean_both_sidebars_sidebars_width":0,"ocean_sidebar":"","ocean_second_sidebar":"","ocean_disable_margins":"enable","ocean_add_body_class":"","ocean_shortcode_before_top_bar":"","ocean_shortcode_after_top_bar":"","ocean_shortcode_before_header":"","ocean_shortcode_after_header":"","ocean_has_shortcode":"","ocean_shortcode_after_title":"","ocean_shortcode_before_footer_widgets":"","ocean_shortcode_after_footer_widgets":"","ocean_shortcode_before_footer_bottom":"","ocean_shortcode_after_footer_bottom":"","ocean_display_top_bar":"default","ocean_display_header":"default","ocean_header_style":"","ocean_center_header_left_menu":"","ocean_custom_header_template":"","ocean_custom_logo":0,"ocean_custom_retina_logo":0,"ocean_custom_logo_max_width":0,"ocean_custom_logo_tablet_max_width":0,"ocean_custom_logo_mobile_max_width":0,"ocean_custom_logo_max_height":0,"ocean_custom_logo_tablet_max_height":0,"ocean_custom_logo_mobile_max_height":0,"ocean_header_custom_menu":"","ocean_menu_typo_font_family":"","ocean_menu_typo_font_subset":"","ocean_menu_typo_font_size":0,"ocean_menu_typo_font_size_tablet":0,"ocean_menu_typo_font_size_mobile":0,"ocean_menu_typo_font_size_unit":"px","ocean_menu_typo_font_weight":"","ocean_menu_typo_font_weight_tablet":"","ocean_menu_typo_font_weight_mobile":"","ocean_menu_typo_transform":"","ocean_menu_typo_transform_tablet":"","ocean_menu_typo_transform_mobile":"","ocean_menu_typo_line_height":0,"ocean_menu_typo_line_height_tablet":0,"ocean_menu_typo_line_height_mobile":0,"ocean_menu_typo_line_height_unit":"","ocean_menu_typo_spacing":0,"ocean_menu_typo_spacing_tablet":0,"ocean_menu_typo_spacing_mobile":0,"ocean_menu_typo_spacing_unit":"","ocean_menu_link_color":"","ocean_menu_link_color_hover":"","ocean_menu_link_color_active":"","ocean_menu_link_background":"","ocean_menu_link_hover_background":"","ocean_menu_link_active_background":"","ocean_menu_social_links_bg":"","ocean_menu_social_hover_links_bg":"","ocean_menu_social_links_color":"","ocean_menu_social_hover_links_color":"","ocean_disable_title":"on","ocean_disable_heading":"default","ocean_post_title":"","ocean_post_subheading":"","ocean_post_title_style":"","ocean_post_title_background_color":"","ocean_post_title_background":0,"ocean_post_title_bg_image_position":"","ocean_post_title_bg_image_attachment":"","ocean_post_title_bg_image_repeat":"","ocean_post_title_bg_image_size":"","ocean_post_title_height":0,"ocean_post_title_bg_overlay":0.5,"ocean_post_title_bg_overlay_color":"","ocean_disable_breadcrumbs":"default","ocean_breadcrumbs_color":"","ocean_breadcrumbs_separator_color":"","ocean_breadcrumbs_links_color":"","ocean_breadcrumbs_links_hover_color":"","ocean_display_footer_widgets":"default","ocean_display_footer_bottom":"default","ocean_custom_footer_template":"","footnotes":""},"class_list":["post-1657","page","type-page","status-publish","hentry","entry"],"_links":{"self":[{"href":"https:\/\/fock-weeber.de\/index.php?rest_route=\/wp\/v2\/pages\/1657","targetHints":{"allow":["GET"]}}],"collection":[{"href":"https:\/\/fock-weeber.de\/index.php?rest_route=\/wp\/v2\/pages"}],"about":[{"href":"https:\/\/fock-weeber.de\/index.php?rest_route=\/wp\/v2\/types\/page"}],"author":[{"embeddable":true,"href":"https:\/\/fock-weeber.de\/index.php?rest_route=\/wp\/v2\/users\/1"}],"replies":[{"embeddable":true,"href":"https:\/\/fock-weeber.de\/index.php?rest_route=%2Fwp%2Fv2%2Fcomments&post=1657"}],"version-history":[{"count":404,"href":"https:\/\/fock-weeber.de\/index.php?rest_route=\/wp\/v2\/pages\/1657\/revisions"}],"predecessor-version":[{"id":2873,"href":"https:\/\/fock-weeber.de\/index.php?rest_route=\/wp\/v2\/pages\/1657\/revisions\/2873"}],"wp:attachment":[{"href":"https:\/\/fock-weeber.de\/index.php?rest_route=%2Fwp%2Fv2%2Fmedia&parent=1657"}],"curies":[{"name":"wp","href":"https:\/\/api.w.org\/{rel}","templated":true}]}}